{"id":12,"date":"2022-09-12T09:06:14","date_gmt":"2022-09-12T09:06:14","guid":{"rendered":"http:\/\/vrace.maxi-race.org\/maxiraceorg\/?page_id=12"},"modified":"2025-07-17T07:39:07","modified_gmt":"2025-07-17T07:39:07","slug":"accueil","status":"publish","type":"page","link":"https:\/\/vrace.maxi-race.org\/maxiraceorg\/","title":{"rendered":"Accueil"},"content":{"rendered":"<p>[et_pb_section fb_built=\u00a0\u00bb1&Prime; admin_label=\u00a0\u00bbHero\u00a0\u00bb _builder_version=\u00a0\u00bb4.18.0&Prime; background_image=\u00a0\u00bbhttp:\/\/vrace.maxi-race.org\/maxiraceorg\/wp-content\/uploads\/2025\/07\/IMG-20250630-WA0004.jpg\u00a0\u00bb background_position=\u00a0\u00bbtop_center\u00a0\u00bb background_vertical_offset=\u00a0\u00bb60%\u00a0\u00bb custom_margin=\u00a0\u00bb|||\u00a0\u00bb custom_padding=\u00a0\u00bb290px||0px|||\u00a0\u00bb bottom_divider_style=\u00a0\u00bbslant\u00a0\u00bb bottom_divider_color=\u00a0\u00bb#ffffff\u00a0\u00bb bottom_divider_flip=\u00a0\u00bbhorizontal\u00a0\u00bb animation_style=\u00a0\u00bbslide\u00a0\u00bb animation_direction=\u00a0\u00bbtop\u00a0\u00bb animation_intensity_slide=\u00a0\u00bb5%\u00a0\u00bb animation_starting_opacity=\u00a0\u00bb100%\u00a0\u00bb global_colors_info=\u00a0\u00bb{}\u00a0\u00bb][et_pb_row column_structure=\u00a0\u00bb3_4,1_4&Prime; _builder_version=\u00a0\u00bb4.18.0&Prime; background_size=\u00a0\u00bbinitial\u00a0\u00bb background_position=\u00a0\u00bbtop_left\u00a0\u00bb background_repeat=\u00a0\u00bbrepeat\u00a0\u00bb custom_padding=\u00a0\u00bb27px|0px|0px|0px||\u00a0\u00bb global_colors_info=\u00a0\u00bb{}\u00a0\u00bb][et_pb_column type=\u00a0\u00bb3_4&Prime; _builder_version=\u00a0\u00bb4.16&Prime; custom_padding=\u00a0\u00bb|||\u00a0\u00bb global_colors_info=\u00a0\u00bb{}\u00a0\u00bb custom_padding__hover=\u00a0\u00bb|||\u00a0\u00bb][et_pb_text admin_label=\u00a0\u00bbTitle\u00a0\u00bb _builder_version=\u00a0\u00bb4.18.0&Prime; text_font=\u00a0\u00bb||||||||\u00a0\u00bb header_font=\u00a0\u00bbMontserrat|600|||||||\u00a0\u00bb header_font_size=\u00a0\u00bb60px\u00a0\u00bb header_line_height=\u00a0\u00bb1.2em\u00a0\u00bb background_layout=\u00a0\u00bbdark\u00a0\u00bb custom_margin=\u00a0\u00bb||-1px|||\u00a0\u00bb animation_style=\u00a0\u00bbzoom\u00a0\u00bb animation_direction=\u00a0\u00bbleft\u00a0\u00bb animation_intensity_zoom=\u00a0\u00bb10%\u00a0\u00bb header_font_size_tablet=\u00a0\u00bb\u00a0\u00bb header_font_size_phone=\u00a0\u00bb72px\u00a0\u00bb header_font_size_last_edited=\u00a0\u00bbon|phone\u00a0\u00bb global_colors_info=\u00a0\u00bb{}\u00a0\u00bb]<\/p>\n<h1><span style=\"color: #ffffff;\">Atlantic&rsquo;trail<\/span><\/h1>\n<p>[\/et_pb_text][et_pb_divider color=\u00a0\u00bbrgba(255,255,255,0.7)\u00a0\u00bb divider_weight=\u00a0\u00bb3px\u00a0\u00bb _builder_version=\u00a0\u00bb4.16&Prime; max_width=\u00a0\u00bb120px\u00a0\u00bb animation_style=\u00a0\u00bbzoom\u00a0\u00bb animation_direction=\u00a0\u00bbleft\u00a0\u00bb global_colors_info=\u00a0\u00bb{}\u00a0\u00bb][\/et_pb_divider][et_pb_text _builder_version=\u00a0\u00bb4.18.0&Prime; text_font=\u00a0\u00bbMontserrat|300|||||||\u00a0\u00bb text_font_size=\u00a0\u00bb20px\u00a0\u00bb text_line_height=\u00a0\u00bb1.8em\u00a0\u00bb background_layout=\u00a0\u00bbdark\u00a0\u00bb min_height=\u00a0\u00bb34px\u00a0\u00bb custom_margin=\u00a0\u00bb-32px||51px|||\u00a0\u00bb custom_padding=\u00a0\u00bb||50px|||\u00a0\u00bb animation_style=\u00a0\u00bbzoom\u00a0\u00bb animation_direction=\u00a0\u00bbleft\u00a0\u00bb animation_delay=\u00a0\u00bb100ms\u00a0\u00bb animation_intensity_zoom=\u00a0\u00bb10%\u00a0\u00bb global_colors_info=\u00a0\u00bb{}\u00a0\u00bb]<\/p>\n<p><span style=\"color: #ffffff;\"><strong>Samedi 28 f\u00e9vrier 2026<\/strong><\/span><strong><\/strong><\/p>\n<p>[\/et_pb_text][\/et_pb_column][et_pb_column type=\u00a0\u00bb1_4&Prime; _builder_version=\u00a0\u00bb4.16&Prime; custom_padding=\u00a0\u00bb|||\u00a0\u00bb global_colors_info=\u00a0\u00bb{}\u00a0\u00bb custom_padding__hover=\u00a0\u00bb|||\u00a0\u00bb][\/et_pb_column][\/et_pb_row][\/et_pb_section][et_pb_section fb_built=\u00a0\u00bb1&Prime; admin_label=\u00a0\u00bbVideo\u00a0\u00bb _builder_version=\u00a0\u00bb4.18.0&Prime; background_color_gradient_direction=\u00a0\u00bb120deg\u00a0\u00bb module_alignment=\u00a0\u00bbright\u00a0\u00bb min_height=\u00a0\u00bb606.4px\u00a0\u00bb custom_margin=\u00a0\u00bb-4px|||||\u00a0\u00bb custom_padding=\u00a0\u00bb60px|0px|54px|0px||\u00a0\u00bb global_colors_info=\u00a0\u00bb{}\u00a0\u00bb][et_pb_row _builder_version=\u00a0\u00bb4.16&Prime; width=\u00a0\u00bb100%\u00a0\u00bb custom_padding=\u00a0\u00bb||0px|||\u00a0\u00bb global_colors_info=\u00a0\u00bb{}\u00a0\u00bb][et_pb_column type=\u00a0\u00bb4_4&Prime; _builder_version=\u00a0\u00bb4.16&Prime; global_colors_info=\u00a0\u00bb{}\u00a0\u00bb][et_pb_button button_text=\u00a0\u00bbAcc\u00e8der au site de la course\u00a0\u00bb _builder_version=\u00a0\u00bb4.18.0&Prime; _module_preset=\u00a0\u00bbdefault\u00a0\u00bb button_url=\u00a0\u00bbhttps:\/\/www.atlantic-trail.fr\u00a0\u00bb hover_enabled=\u00a0\u00bb0&Prime; sticky_enabled=\u00a0\u00bb0&Prime; button_alignment=\u00a0\u00bbcenter\u00a0\u00bb][\/et_pb_button][et_pb_text admin_label=\u00a0\u00bbTitle\u00a0\u00bb _builder_version=\u00a0\u00bb4.18.0&Prime; text_font=\u00a0\u00bbMontserrat|300|||||||\u00a0\u00bb text_font_size=\u00a0\u00bb16px\u00a0\u00bb text_line_height=\u00a0\u00bb1.8em\u00a0\u00bb header_font=\u00a0\u00bb||||||||\u00a0\u00bb header_2_font=\u00a0\u00bbMontserrat|500|||||||\u00a0\u00bb header_2_text_align=\u00a0\u00bbcenter\u00a0\u00bb header_2_font_size=\u00a0\u00bb30px\u00a0\u00bb header_2_line_height=\u00a0\u00bb1.4em\u00a0\u00bb text_orientation=\u00a0\u00bbcenter\u00a0\u00bb max_width=\u00a0\u00bb1215px\u00a0\u00bb module_alignment=\u00a0\u00bbcenter\u00a0\u00bb custom_margin=\u00a0\u00bb|279px|-27px|||\u00a0\u00bb custom_padding=\u00a0\u00bb|||0px||\u00a0\u00bb animation_direction=\u00a0\u00bbright\u00a0\u00bb locked=\u00a0\u00bboff\u00a0\u00bb global_colors_info=\u00a0\u00bb{}\u00a0\u00bb]<\/p>\n<p style=\"box-sizing: border-box; margin-block: 0px 0.9rem; color: #354552; font-family: Roboto, sans-serif; font-size: 16px; font-style: normal; font-variant-ligatures: normal; font-variant-caps: normal; font-weight: 400; letter-spacing: normal; text-align: center; text-indent: 0px; text-transform: none; word-spacing: 0px; -webkit-text-stroke-width: 0px; white-space: normal; background-color: #ffffff;\"><span style=\"color: #044c54;\"><strong>N\u00e9e dans les ann\u00e9es 1980, cette randonn\u00e9e p\u00e9destre \u00e9tait le rendez vous sportif des randonneurs et de quelques coureurs du d\u00e9but de printemps.<\/strong><\/span><\/p>\n<p style=\"box-sizing: border-box; margin-block: 0px 0.9rem; color: #354552; font-family: Roboto, sans-serif; font-size: 16px; font-style: normal; font-variant-ligatures: normal; font-variant-caps: normal; font-weight: 400; letter-spacing: normal; text-align: center; text-indent: 0px; text-transform: none; word-spacing: 0px; -webkit-text-stroke-width: 0px; white-space: normal; background-color: #ffffff;\"><span style=\"color: #044c54;\"><strong>Partir de Nuit de Rez\u00e9 pour arriver au lever du jour sur la c\u00f4te sauvage, profiter de l\u2019air marin et finir sur le port de Pornic. <\/strong><\/span><\/p>\n<p style=\"box-sizing: border-box; margin-block: 0px 0.9rem; color: #354552; font-family: Roboto, sans-serif; font-size: 16px; font-style: normal; font-variant-ligatures: normal; font-variant-caps: normal; font-weight: 400; letter-spacing: normal; text-align: center; text-indent: 0px; text-transform: none; word-spacing: 0px; -webkit-text-stroke-width: 0px; white-space: normal; background-color: #ffffff;\"><span style=\"color: #044c54;\"><strong>Disparue du calendrier depuis plus de 20 ans, pourquoi ne pas la remettre au go\u00fbt du jour, \u00e0 une \u00e9poque o\u00f9 le trail running est devenu un ph\u00e9nom\u00e8ne de soci\u00e9t\u00e9 et une mode sportive, dans un contexte de sport\/sant\u00e9 et de mise en<br \/>valeur des territoires.<\/strong><\/span><\/p>\n<p style=\"text-align: center;\"><strong><br \/><\/strong><strong><\/strong><strong><\/strong><\/p>\n<p>[\/et_pb_text][\/et_pb_column][\/et_pb_row][et_pb_row column_structure=\u00a0\u00bb1_3,1_3,1_3&Prime; _builder_version=\u00a0\u00bb4.18.0&Prime; _module_preset=\u00a0\u00bbdefault\u00a0\u00bb global_colors_info=\u00a0\u00bb{}\u00a0\u00bb][et_pb_column type=\u00a0\u00bb1_3&Prime; _builder_version=\u00a0\u00bb4.18.0&Prime; _module_preset=\u00a0\u00bbdefault\u00a0\u00bb global_colors_info=\u00a0\u00bb{}\u00a0\u00bb][\/et_pb_column][et_pb_column type=\u00a0\u00bb1_3&Prime; _builder_version=\u00a0\u00bb4.18.0&Prime; _module_preset=\u00a0\u00bbdefault\u00a0\u00bb global_colors_info=\u00a0\u00bb{}\u00a0\u00bb][et_pb_text _builder_version=\u00a0\u00bb4.18.0&Prime; _module_preset=\u00a0\u00bbdefault\u00a0\u00bb global_colors_info=\u00a0\u00bb{}\u00a0\u00bb]<\/p>\n<p style=\"text-align: center;\"><strong>Le parain de l&rsquo;\u00e9v\u00e8nement : Erik Clavery<\/strong><\/p>\n<p style=\"text-align: center;\"><em>Organisateur et champion du monde de Trail en 2011 et recordman de France des 24 heures.<\/em><\/p>\n<p>[\/et_pb_text][et_pb_video src_webm=\u00a0\u00bbhttp:\/\/vrace.maxi-race.org\/maxiraceorg\/wp-content\/uploads\/2025\/06\/VID-20250630-WA0026.mp4&Prime; _builder_version=\u00a0\u00bb4.18.0&Prime; _module_preset=\u00a0\u00bbdefault\u00a0\u00bb global_colors_info=\u00a0\u00bb{}\u00a0\u00bb][\/et_pb_video][\/et_pb_column][et_pb_column type=\u00a0\u00bb1_3&Prime; _builder_version=\u00a0\u00bb4.18.0&Prime; _module_preset=\u00a0\u00bbdefault\u00a0\u00bb global_colors_info=\u00a0\u00bb{}\u00a0\u00bb][\/et_pb_column][\/et_pb_row][\/et_pb_section]<\/p>\n","protected":false},"excerpt":{"rendered":"<p>Atlantic&rsquo;trailSamedi 28 f\u00e9vrier 2026N\u00e9e dans les ann\u00e9es 1980, cette randonn\u00e9e p\u00e9destre \u00e9tait le rendez vous sportif des randonneurs et de quelques coureurs du d\u00e9but de printemps. Partir de Nuit de Rez\u00e9 pour arriver au lever du jour sur la c\u00f4te sauvage, profiter de l\u2019air marin et finir sur le port de Pornic. Disparue du calendrier [&hellip;]<\/p>\n","protected":false},"author":1,"featured_media":0,"parent":0,"menu_order":0,"comment_status":"closed","ping_status":"closed","template":"","meta":{"_et_pb_use_builder":"on","_et_pb_old_content":"","_et_gb_content_width":"","footnotes":""},"class_list":["post-12","page","type-page","status-publish","hentry"],"yoast_head":"<!-- This site is optimized with the Yoast SEO plugin v27.5 - https:\/\/yoast.com\/product\/yoast-seo-wordpress\/ -->\n<title>Accueil - Atlantic&#039;trail<\/title>\n<meta name=\"robots\" content=\"index, follow, max-snippet:-1, max-image-preview:large, max-video-preview:-1\" \/>\n<link rel=\"canonical\" href=\"https:\/\/vrace.maxi-race.org\/maxiraceorg\/\" \/>\n<meta property=\"og:locale\" content=\"fr_FR\" \/>\n<meta property=\"og:type\" content=\"article\" \/>\n<meta property=\"og:title\" content=\"Accueil - Atlantic&#039;trail\" \/>\n<meta property=\"og:description\" content=\"Atlantic&#039;trailSamedi 28 f\u00e9vrier 2026N\u00e9e dans les ann\u00e9es 1980, cette randonn\u00e9e p\u00e9destre \u00e9tait le rendez vous sportif des randonneurs et de quelques coureurs du d\u00e9but de printemps. Partir de Nuit de Rez\u00e9 pour arriver au lever du jour sur la c\u00f4te sauvage, profiter de l\u2019air marin et finir sur le port de Pornic. Disparue du calendrier [&hellip;]\" \/>\n<meta property=\"og:url\" content=\"https:\/\/vrace.maxi-race.org\/maxiraceorg\/\" \/>\n<meta property=\"og:site_name\" content=\"Atlantic&#039;trail\" \/>\n<meta property=\"article:publisher\" content=\"https:\/\/www.facebook.com\/maxiracefrance\" \/>\n<meta property=\"article:modified_time\" content=\"2025-07-17T07:39:07+00:00\" \/>\n<meta name=\"twitter:card\" content=\"summary_large_image\" \/>\n<meta name=\"twitter:label1\" content=\"Dur\u00e9e de lecture estim\u00e9e\" \/>\n\t<meta name=\"twitter:data1\" content=\"2 minutes\" \/>\n<script type=\"application\/ld+json\" class=\"yoast-schema-graph\">{\"@context\":\"https:\\\/\\\/schema.org\",\"@graph\":[{\"@type\":\"WebPage\",\"@id\":\"https:\\\/\\\/vrace.maxi-race.org\\\/maxiraceorg\\\/\",\"url\":\"https:\\\/\\\/vrace.maxi-race.org\\\/maxiraceorg\\\/\",\"name\":\"Accueil - Atlantic&#039;trail\",\"isPartOf\":{\"@id\":\"https:\\\/\\\/vrace.maxi-race.org\\\/maxiraceorg\\\/#website\"},\"datePublished\":\"2022-09-12T09:06:14+00:00\",\"dateModified\":\"2025-07-17T07:39:07+00:00\",\"breadcrumb\":{\"@id\":\"https:\\\/\\\/vrace.maxi-race.org\\\/maxiraceorg\\\/#breadcrumb\"},\"inLanguage\":\"fr-FR\",\"potentialAction\":[{\"@type\":\"ReadAction\",\"target\":[\"https:\\\/\\\/vrace.maxi-race.org\\\/maxiraceorg\\\/\"]}]},{\"@type\":\"BreadcrumbList\",\"@id\":\"https:\\\/\\\/vrace.maxi-race.org\\\/maxiraceorg\\\/#breadcrumb\",\"itemListElement\":[{\"@type\":\"ListItem\",\"position\":1,\"name\":\"Accueil\",\"item\":\"https:\\\/\\\/vrace.maxi-race.org\\\/maxiraceorg\\\/\"},{\"@type\":\"ListItem\",\"position\":2,\"name\":\"Accueil\"}]},{\"@type\":\"WebSite\",\"@id\":\"https:\\\/\\\/vrace.maxi-race.org\\\/maxiraceorg\\\/#website\",\"url\":\"https:\\\/\\\/vrace.maxi-race.org\\\/maxiraceorg\\\/\",\"name\":\"Atlantic&#039;trail\",\"description\":\"\",\"publisher\":{\"@id\":\"https:\\\/\\\/vrace.maxi-race.org\\\/maxiraceorg\\\/#organization\"},\"potentialAction\":[{\"@type\":\"SearchAction\",\"target\":{\"@type\":\"EntryPoint\",\"urlTemplate\":\"https:\\\/\\\/vrace.maxi-race.org\\\/maxiraceorg\\\/?s={search_term_string}\"},\"query-input\":{\"@type\":\"PropertyValueSpecification\",\"valueRequired\":true,\"valueName\":\"search_term_string\"}}],\"inLanguage\":\"fr-FR\"},{\"@type\":\"Organization\",\"@id\":\"https:\\\/\\\/vrace.maxi-race.org\\\/maxiraceorg\\\/#organization\",\"name\":\"Atlantic&#039;trail\",\"url\":\"https:\\\/\\\/vrace.maxi-race.org\\\/maxiraceorg\\\/\",\"logo\":{\"@type\":\"ImageObject\",\"inLanguage\":\"fr-FR\",\"@id\":\"https:\\\/\\\/vrace.maxi-race.org\\\/maxiraceorg\\\/#\\\/schema\\\/logo\\\/image\\\/\",\"url\":\"http:\\\/\\\/vrace.maxi-race.org\\\/maxiraceorg\\\/wp-content\\\/uploads\\\/2022\\\/09\\\/logo-wmra-maxirace-site.jpg\",\"contentUrl\":\"http:\\\/\\\/vrace.maxi-race.org\\\/maxiraceorg\\\/wp-content\\\/uploads\\\/2022\\\/09\\\/logo-wmra-maxirace-site.jpg\",\"width\":512,\"height\":512,\"caption\":\"Atlantic&#039;trail\"},\"image\":{\"@id\":\"https:\\\/\\\/vrace.maxi-race.org\\\/maxiraceorg\\\/#\\\/schema\\\/logo\\\/image\\\/\"},\"sameAs\":[\"https:\\\/\\\/www.facebook.com\\\/maxiracefrance\",\"https:\\\/\\\/www.instagram.com\\\/maxi_race\\\/\"]}]}<\/script>\n<!-- \/ Yoast SEO plugin. -->","yoast_head_json":{"title":"Accueil - Atlantic&#039;trail","robots":{"index":"index","follow":"follow","max-snippet":"max-snippet:-1","max-image-preview":"max-image-preview:large","max-video-preview":"max-video-preview:-1"},"canonical":"https:\/\/vrace.maxi-race.org\/maxiraceorg\/","og_locale":"fr_FR","og_type":"article","og_title":"Accueil - Atlantic&#039;trail","og_description":"Atlantic'trailSamedi 28 f\u00e9vrier 2026N\u00e9e dans les ann\u00e9es 1980, cette randonn\u00e9e p\u00e9destre \u00e9tait le rendez vous sportif des randonneurs et de quelques coureurs du d\u00e9but de printemps. Partir de Nuit de Rez\u00e9 pour arriver au lever du jour sur la c\u00f4te sauvage, profiter de l\u2019air marin et finir sur le port de Pornic. Disparue du calendrier [&hellip;]","og_url":"https:\/\/vrace.maxi-race.org\/maxiraceorg\/","og_site_name":"Atlantic&#039;trail","article_publisher":"https:\/\/www.facebook.com\/maxiracefrance","article_modified_time":"2025-07-17T07:39:07+00:00","twitter_card":"summary_large_image","twitter_misc":{"Dur\u00e9e de lecture estim\u00e9e":"2 minutes"},"schema":{"@context":"https:\/\/schema.org","@graph":[{"@type":"WebPage","@id":"https:\/\/vrace.maxi-race.org\/maxiraceorg\/","url":"https:\/\/vrace.maxi-race.org\/maxiraceorg\/","name":"Accueil - Atlantic&#039;trail","isPartOf":{"@id":"https:\/\/vrace.maxi-race.org\/maxiraceorg\/#website"},"datePublished":"2022-09-12T09:06:14+00:00","dateModified":"2025-07-17T07:39:07+00:00","breadcrumb":{"@id":"https:\/\/vrace.maxi-race.org\/maxiraceorg\/#breadcrumb"},"inLanguage":"fr-FR","potentialAction":[{"@type":"ReadAction","target":["https:\/\/vrace.maxi-race.org\/maxiraceorg\/"]}]},{"@type":"BreadcrumbList","@id":"https:\/\/vrace.maxi-race.org\/maxiraceorg\/#breadcrumb","itemListElement":[{"@type":"ListItem","position":1,"name":"Accueil","item":"https:\/\/vrace.maxi-race.org\/maxiraceorg\/"},{"@type":"ListItem","position":2,"name":"Accueil"}]},{"@type":"WebSite","@id":"https:\/\/vrace.maxi-race.org\/maxiraceorg\/#website","url":"https:\/\/vrace.maxi-race.org\/maxiraceorg\/","name":"Atlantic&#039;trail","description":"","publisher":{"@id":"https:\/\/vrace.maxi-race.org\/maxiraceorg\/#organization"},"potentialAction":[{"@type":"SearchAction","target":{"@type":"EntryPoint","urlTemplate":"https:\/\/vrace.maxi-race.org\/maxiraceorg\/?s={search_term_string}"},"query-input":{"@type":"PropertyValueSpecification","valueRequired":true,"valueName":"search_term_string"}}],"inLanguage":"fr-FR"},{"@type":"Organization","@id":"https:\/\/vrace.maxi-race.org\/maxiraceorg\/#organization","name":"Atlantic&#039;trail","url":"https:\/\/vrace.maxi-race.org\/maxiraceorg\/","logo":{"@type":"ImageObject","inLanguage":"fr-FR","@id":"https:\/\/vrace.maxi-race.org\/maxiraceorg\/#\/schema\/logo\/image\/","url":"http:\/\/vrace.maxi-race.org\/maxiraceorg\/wp-content\/uploads\/2022\/09\/logo-wmra-maxirace-site.jpg","contentUrl":"http:\/\/vrace.maxi-race.org\/maxiraceorg\/wp-content\/uploads\/2022\/09\/logo-wmra-maxirace-site.jpg","width":512,"height":512,"caption":"Atlantic&#039;trail"},"image":{"@id":"https:\/\/vrace.maxi-race.org\/maxiraceorg\/#\/schema\/logo\/image\/"},"sameAs":["https:\/\/www.facebook.com\/maxiracefrance","https:\/\/www.instagram.com\/maxi_race\/"]}]}},"_links":{"self":[{"href":"https:\/\/vrace.maxi-race.org\/maxiraceorg\/wp-json\/wp\/v2\/pages\/12","targetHints":{"allow":["GET"]}}],"collection":[{"href":"https:\/\/vrace.maxi-race.org\/maxiraceorg\/wp-json\/wp\/v2\/pages"}],"about":[{"href":"https:\/\/vrace.maxi-race.org\/maxiraceorg\/wp-json\/wp\/v2\/types\/page"}],"author":[{"embeddable":true,"href":"https:\/\/vrace.maxi-race.org\/maxiraceorg\/wp-json\/wp\/v2\/users\/1"}],"replies":[{"embeddable":true,"href":"https:\/\/vrace.maxi-race.org\/maxiraceorg\/wp-json\/wp\/v2\/comments?post=12"}],"version-history":[{"count":32,"href":"https:\/\/vrace.maxi-race.org\/maxiraceorg\/wp-json\/wp\/v2\/pages\/12\/revisions"}],"predecessor-version":[{"id":811,"href":"https:\/\/vrace.maxi-race.org\/maxiraceorg\/wp-json\/wp\/v2\/pages\/12\/revisions\/811"}],"wp:attachment":[{"href":"https:\/\/vrace.maxi-race.org\/maxiraceorg\/wp-json\/wp\/v2\/media?parent=12"}],"curies":[{"name":"wp","href":"https:\/\/api.w.org\/{rel}","templated":true}]}}